{"id":9887,"date":"2017-10-18T11:08:46","date_gmt":"2017-10-18T09:08:46","guid":{"rendered":"http:\/\/www.aula.uni-saarland.de\/?page_id=9887"},"modified":"2017-10-25T00:34:54","modified_gmt":"2017-10-24T22:34:54","slug":"quieres-trabajar-la-conjugacion","status":"publish","type":"page","link":"https:\/\/aulaalt.designladen.com\/?page_id=9887","title":{"rendered":"\u00bfQuieres trabajar la conjugaci\u00f3n?"},"content":{"rendered":"<h1>\u00a0<\/h1>\n<ul class=\"quieres\">\n<li><a href=\"#1\">\u00bfCu\u00e1les son los contenidos del m\u00f3dulo <em>Conjugaci\u00f3n<\/em>?<\/a><\/li>\n<li><a href=\"#2\">\u00bfC\u00f3mo estudiar los verbos irregulares?<\/a><\/li>\n<\/ul>\n<p><img decoding=\"async\" class=\"right-pic\" src=\"https:\/\/aulaalt.designladen.com\/wp-content\/uploads\/2017\/10\/img011115-2.jpg\" alt=\"\" \/><\/p>\n<h2 id=\"1\"><span style=\"color: #003366;\">1. \u00bfCu\u00e1les son los contenidos del m\u00f3dulo <em>Conjugaci\u00f3n<\/em>?<\/span><\/h2>\n<p>En el m\u00f3dulo <em>Conjugaci\u00f3n<\/em> podr\u00e1s practicar todos los aspectos relacionados con la formaci\u00f3n de los tiempos verbales.<\/p>\n<p class=\"centered\"><img decoding=\"async\" style=\"width: 75%;\" src=\"https:\/\/aulaalt.designladen.com\/wp-content\/uploads\/2017\/10\/xxxxxxx-2.png\" alt=\"\" \/><\/p>\n<p>La carpeta de <em>Ejercicios<\/em> est\u00e1 concebida para practicar la morfolog\u00eda verbal y para que puedas comprobar si dominas la conjugaci\u00f3n de los distintos tiempos verbales.<\/p>\n<p>En el apartado <em>Tablas verbales<\/em> te presentamos de forma sistem\u00e1tica tanto la conjugaci\u00f3n de los verbos regulares como una s\u00edntesis de las principales categor\u00edas en las que organizar los verbos irregulares.<\/p>\n<p class=\"centered\"><img decoding=\"async\" style=\"widht: 83%;\" src=\"https:\/\/aulaalt.designladen.com\/wp-content\/uploads\/2017\/10\/ddddd-2.png\" alt=\"\" \/><\/p>\n<h2 id=\"2\"><span style=\"color: #003366;\">2. \u00bfC\u00f3mo estudiar los verbos irregulares?<\/span><\/h2>\n<p>Una de las principales dificultades que tiene el estudio de la morfolg\u00eda verbal en espa\u00f1ol es la existencia de una gran cantidad de verbos irregulares. Familiarizarse con ellos es una tarea que requiere un cierto esfuerzo y tambi\u00e9n paciencia.<\/p>\n<p>El primer paso para estudiar los verbos irregulares es identificar las grandes categor\u00edas en las que estos verbos se organizan. B\u00e1sicamente podemos distinguir tres grupos:<\/p>\n<ul>\n<li>Verbos con <em>irregularidad sistem\u00e1tica<\/em><\/li>\n<li>Verbos con<em> irregularidad ortogr\u00e1fica<\/em><\/li>\n<li>Verbos con <em>irregularidad propia<\/em>.<\/li>\n<\/ul>\n<p>Aqu\u00ed te presentamos, como ejemplo, una categorizaci\u00f3n de los verbos con <em>irregularidad sistem\u00e1tica:<\/em><\/p>\n<p class=\"centered\"><img decoding=\"async\" style=\"width: 77%;\" src=\"https:\/\/aulaalt.designladen.com\/wp-content\/uploads\/2017\/10\/ddddww-2.png\" alt=\"\" \/><\/p>\n<p>Para aprender los verbos irregulares te proponemos que estudies, para cada categor\u00eda, un <em>verbo modelo<\/em> con sus principales irregularidades. De esta forma, podr\u00e1s aplicar al resto de verbos del grupo las irregularidades que afectan a ese <em>verbo modelo<\/em> que has tomado como referencia.<\/p>\n<p>Vamos a ilustrar este principio con un ejemplo: si conocemos c\u00f3mo se conjuga el <em>verbo modelo<\/em> \u201cconstruir\u201d (en particular, cu\u00e1les son sus irregularidades), podremos transferir este tipo de comportamiento a otros verbos del grupo. De esta forma, sabremos tambi\u00e9n conjugar verbos como &#8222;influir&#8220;, &#8222;contribuir&#8220;, &#8222;distribuir&#8220;, &#8222;disminuir&#8220;, etc.<\/p>\n<p class=\"centered\"><img decoding=\"async\" style=\"width: 78%;\" src=\"https:\/\/aulaalt.designladen.com\/wp-content\/uploads\/2016\/02\/UIR.png\" alt=\"\" \/><\/p>\n","protected":false},"excerpt":{"rendered":"<p>\u00a0 \u00bfCu\u00e1les son los contenidos del m\u00f3dulo Conjugaci\u00f3n? \u00bfC\u00f3mo estudiar los verbos irregulares? 1. \u00bfCu\u00e1les son los contenidos del m\u00f3dulo Conjugaci\u00f3n? En el m\u00f3dulo Conjugaci\u00f3n podr\u00e1s practicar todos los aspectos relacionados con la formaci\u00f3n de los tiempos verbales. La carpeta<span class=\"ellipsis\">&hellip;<\/span><\/p>\n<div class=\"read-more\"><a href=\"https:\/\/aulaalt.designladen.com\/?page_id=9887\">Weiterlesen \u203a<\/a><\/div>\n<p><!-- end of .read-more --><\/p>\n","protected":false},"author":2,"featured_media":0,"parent":9630,"menu_order":2,"comment_status":"open","ping_status":"open","template":"unterseiten.php","meta":{"footnotes":""},"wf_page_folders":[],"class_list":["post-9887","page","type-page","status-publish","hentry"],"_links":{"self":[{"href":"https:\/\/aulaalt.designladen.com\/index.php?rest_route=\/wp\/v2\/pages\/9887","targetHints":{"allow":["GET"]}}],"collection":[{"href":"https:\/\/aulaalt.designladen.com\/index.php?rest_route=\/wp\/v2\/pages"}],"about":[{"href":"https:\/\/aulaalt.designladen.com\/index.php?rest_route=\/wp\/v2\/types\/page"}],"author":[{"embeddable":true,"href":"https:\/\/aulaalt.designladen.com\/index.php?rest_route=\/wp\/v2\/users\/2"}],"replies":[{"embeddable":true,"href":"https:\/\/aulaalt.designladen.com\/index.php?rest_route=%2Fwp%2Fv2%2Fcomments&post=9887"}],"version-history":[{"count":0,"href":"https:\/\/aulaalt.designladen.com\/index.php?rest_route=\/wp\/v2\/pages\/9887\/revisions"}],"up":[{"embeddable":true,"href":"https:\/\/aulaalt.designladen.com\/index.php?rest_route=\/wp\/v2\/pages\/9630"}],"wp:attachment":[{"href":"https:\/\/aulaalt.designladen.com\/index.php?rest_route=%2Fwp%2Fv2%2Fmedia&parent=9887"}],"wp:term":[{"taxonomy":"wf_page_folders","embeddable":true,"href":"https:\/\/aulaalt.designladen.com\/index.php?rest_route=%2Fwp%2Fv2%2Fwf_page_folders&post=9887"}],"curies":[{"name":"wp","href":"https:\/\/api.w.org\/{rel}","templated":true}]}}