{"id":9885,"date":"2017-10-18T09:23:51","date_gmt":"2017-10-18T07:23:51","guid":{"rendered":"http:\/\/www.aula.uni-saarland.de\/?page_id=9885"},"modified":"2017-11-02T16:05:50","modified_gmt":"2017-11-02T14:05:50","slug":"quieres-trabajar-la-gramatica","status":"publish","type":"page","link":"https:\/\/aulaalt.designladen.com\/?page_id=9885","title":{"rendered":"\u00bfQuieres trabajar la gram\u00e1tica?"},"content":{"rendered":"<p>&nbsp;<\/p>\n<ul class=\"quieres\">\n<li><a href=\"#theoria\">Teor\u00eda y pr\u00e1ctica<\/a><\/li>\n<li><a href=\"#imagenes\">Im\u00e1genes elementales<\/a><\/li>\n<li><a href=\"#recorrido\">Recorrido libre o guiado<\/a><\/li>\n<li><a href=\"#ejercicios\">Ejercicios de huecos<\/a><\/li>\n<li><a href=\"#correccion\">Correcci\u00f3n de ejercicios <\/a><\/li>\n<\/ul>\n<p><img decoding=\"async\" class=\"right-pic\" src=\"https:\/\/aulaalt.designladen.com\/wp-content\/uploads\/2017\/10\/img01966-4.jpg\" alt=\"\" \/><\/p>\n<h2 id=\"theoria\"><span style=\"color: #003366;\">1. Teor\u00eda y pr\u00e1ctica<\/span><\/h2>\n<p>Puedes empezar tu recorrido visitando la teor\u00eda o practicando con ejercicios.<\/p>\n<p>Si optas por la teor\u00eda, tienes fichas y v\u00eddeos a tu disposici\u00f3n. Si prefieres practicar, puedes elegir entre un recorrido guiado (modo: el <em>profe elige<\/em>) o un recorrido libre (modo: <em>t\u00fa eliges<\/em>).<\/p>\n<p><em>Aula<\/em> se encuentra todav\u00eda en construcci\u00f3n, por eso no est\u00e1n disponibles todos los temas gramaticales que hemos previsto. Perdona las molestias.<\/p>\n<h2 id=\"imagenes\"><span style=\"color: #003366;\">2. Im\u00e1genes elementales<\/span><\/h2>\n<p>Nuestra memoria recuerda mejor lo concreto que lo abstracto. Por eso, te proponemos que asocies cada regla gramatical con un <em>ejemplo modelo<\/em> (una frase protot\u00edpica que ilustre un determinado fen\u00f3meno gramatical). Para ayudarte en esta tarea, hemos visualizado estos <em>ejemplos modelo<\/em> a trav\u00e9s de dibujos muy elementales.\u00a0 Aqu\u00ed te ilustramos c\u00f3mo proceder aplic\u00e1ndolo a una de las reglas que rige el uso de los tiempos del pasado:<\/p>\n<p>Ej. \u00bfQuieres recordar alguno de los contextos en los que el imperfecto y el indefinido funcionan interrelacionados en la misma frase? Piensa entonces en el siguiente <em>ejemplo modelo<\/em>.<\/p>\n<p style=\"padding-left: 60px;\"><img decoding=\"async\" class=\"center-pic\" src=\"https:\/\/aulaalt.designladen.com\/wp-content\/uploads\/2017\/10\/imgcc016-2.jpg\" alt=\"\" \/><\/p>\n<p style=\"padding-left: 60px;\"><span style=\"color: #003366;\">Estaba leyendo cuando se cay\u00f3 el jarr\u00f3n (imperfecto + indefinido)<\/span><\/p>\n<p>Con este ejemplo podr\u00e1s asociar el <em>indefinido<\/em> con uno de sus valores b\u00e1sicos (una <em>acci\u00f3n puntual: <\/em>\u201ccaerse el jarr\u00f3n\u201d) y el <em>imperfecto<\/em> con el <em>transfondo descriptivo<\/em> en el que la acci\u00f3n sucede (\u201cestar leyendo\u201d).<\/p>\n<p>Adem\u00e1s puedes interiorizar estas reglas gramaticales asoci\u00e1ndolas con una representaci\u00f3n muy esquem\u00e1tica. Para ilustrar este principio en el caso anterior te proponemos la representaci\u00f3n simb\u00f3lica siguiente:<\/p>\n<p style=\"padding-left: 90px;\"><span style=\"color: #003366;\">Contraste imperfecto\/ indefinido:<\/span><\/p>\n<p class=\"centered\"><img decoding=\"async\" class=\"left-pic\" src=\"https:\/\/aulaalt.designladen.com\/wp-content\/uploads\/2017\/10\/img019995-2.jpg\" alt=\"\" \/><\/p>\n<p style=\"padding-left: 60px;\"><span style=\"color: #003366;\">Trasfondo de la acci\u00f3n (imperfecto) \/ acci\u00f3n puntual (indefinido)<\/span><\/p>\n<h2 id=\"recorrido\"><span style=\"color: #003366;\">3.\u00a0 Recorrido libre o guiado<\/span><\/h2>\n<p>En los ejercicios del m\u00f3dulo gram\u00e1tica puedes elegir entre dos recorridos:<\/p>\n<ul style=\"list-style-type: circle;\">\n<li>un recorrido <em>guidado<\/em> (modo: <em>el profe elige<\/em>), donde el sistema propone de forma lineal (a trav\u00e9s de una barra de navegaci\u00f3n del 1 al 10) un aprendizaje secuenciado en etapas. Este modo es adecuado si quieres trabajar un tema de forma sistem\u00e1tica y progresiva.<\/li>\n<\/ul>\n<p class=\"centered\"><img decoding=\"async\" class=\"left-pic\" style=\"width: 50%;\" src=\"https:\/\/aulaalt.designladen.com\/wp-content\/uploads\/2017\/10\/ss-2.png\" alt=\"\" \/><\/p>\n<ul style=\"list-style-type: circle;\">\n<li>un recorrido <em>libre<\/em> (modo: <em>t\u00fa eliges<\/em>), donde t\u00fa mismo puedes elegir, dentro de un mismo tema,\u00a0 entre diez carpetas de ejercicios organizados por niveles de dificultad. Este es el modo m\u00e1s adecuado si deseas personalizar tu recorrido de navegaci\u00f3n. Aqu\u00ed te mostramos un ejemplo de las carpetas de trabajo para el tema del subjuntivo en las oraciones completivas (nivel B1):<\/li>\n<\/ul>\n<p class=\"centered\"><img decoding=\"async\" style=\"width: 73%;\" src=\"https:\/\/aulaalt.designladen.com\/wp-content\/uploads\/2017\/10\/zzzzz-2.png\" alt=\"\" \/><\/p>\n<h2 id=\"ejercicios\"><span style=\"color: #003366;\">4.\u00a0Ejercicios con huecos<\/span><\/h2>\n<p>Si trabajas con ejercicios de huecos, ten en cuenta las siguientes indicaciones:<\/p>\n<p><img decoding=\"async\" src=\"https:\/\/aulaalt.designladen.com\/wp-content\/uploads\/2017\/10\/33-2.png\" alt=\"\" \/><\/p>\n<p class=\"centered\"><img decoding=\"async\" style=\"width: 52%;\" src=\"https:\/\/aulaalt.designladen.com\/wp-content\/uploads\/2017\/10\/33-3.png\" alt=\"\" \/><\/p>\n<h2 id=\"correccion\"><span style=\"color: #003366;\">5.\u00a0Correcci\u00f3n de ejercicios<\/span><\/h2>\n<ul style=\"list-style-type: circle;\">\n<li>\n<p>El sistema te propondr\u00e1 una correcci\u00f3n de los fallos (bot\u00f3n <em>Comprobar<\/em>).<\/p>\n<\/li>\n<li>\n<p>Una vez localizados los errores, te permitir\u00e1 repetir los ejercicios incorrectos (bot\u00f3n <em>Repetir<\/em>).<\/p>\n<\/li>\n<li>\n<p>Para ver qu\u00e9 propuesta te hace el sistema, utiliza el bot\u00f3n <em>Soluci\u00f3n<\/em>.<\/p>\n<\/li>\n<\/ul>\n<p class=\"\"><img decoding=\"async\" style=\"width: 73%;\" src=\"https:\/\/aulaalt.designladen.com\/wp-content\/uploads\/2017\/10\/rrrr-2.png\" alt=\"\" \/><img decoding=\"async\" style=\"width: 18%;\" src=\"https:\/\/aulaalt.designladen.com\/wp-content\/uploads\/2017\/10\/rrrr-3.png\" alt=\"\" \/><\/p>\n<p>No olvides que la correcci\u00f3n de ejercicios tiene limitaciones. El sistema solo aceptar\u00e1 como v\u00e1lidas aquellas soluciones que hayan sido inicialmente previstas. Sin embargo, la lengua es muy flexible, por lo que no siempre es f\u00e1cil recoger en las soluciones todas las respuestas potencialmente aceptables. En cualquier caso, puedes tener la seguridad de que todas las soluciones estandarizadas han sido tenidas en cuenta.<\/p>\n<p>Si detectas un fallo o crees que la soluci\u00f3n que has propuesto es correcta, pero el sistema no la reconoce, puedes avisarnos con el bot\u00f3n <em>Contactar<\/em>.<\/p>\n","protected":false},"excerpt":{"rendered":"<p>&nbsp; Teor\u00eda y pr\u00e1ctica Im\u00e1genes elementales Recorrido libre o guiado Ejercicios de huecos Correcci\u00f3n de ejercicios 1. Teor\u00eda y pr\u00e1ctica Puedes empezar tu recorrido visitando la teor\u00eda o practicando con ejercicios. Si optas por la teor\u00eda, tienes fichas y v\u00eddeos<span class=\"ellipsis\">&hellip;<\/span><\/p>\n<div class=\"read-more\"><a href=\"https:\/\/aulaalt.designladen.com\/?page_id=9885\">Weiterlesen \u203a<\/a><\/div>\n<p><!-- end of .read-more --><\/p>\n","protected":false},"author":2,"featured_media":0,"parent":9630,"menu_order":0,"comment_status":"open","ping_status":"open","template":"unterseiten.php","meta":{"footnotes":""},"wf_page_folders":[],"class_list":["post-9885","page","type-page","status-publish","hentry"],"_links":{"self":[{"href":"https:\/\/aulaalt.designladen.com\/index.php?rest_route=\/wp\/v2\/pages\/9885","targetHints":{"allow":["GET"]}}],"collection":[{"href":"https:\/\/aulaalt.designladen.com\/index.php?rest_route=\/wp\/v2\/pages"}],"about":[{"href":"https:\/\/aulaalt.designladen.com\/index.php?rest_route=\/wp\/v2\/types\/page"}],"author":[{"embeddable":true,"href":"https:\/\/aulaalt.designladen.com\/index.php?rest_route=\/wp\/v2\/users\/2"}],"replies":[{"embeddable":true,"href":"https:\/\/aulaalt.designladen.com\/index.php?rest_route=%2Fwp%2Fv2%2Fcomments&post=9885"}],"version-history":[{"count":0,"href":"https:\/\/aulaalt.designladen.com\/index.php?rest_route=\/wp\/v2\/pages\/9885\/revisions"}],"up":[{"embeddable":true,"href":"https:\/\/aulaalt.designladen.com\/index.php?rest_route=\/wp\/v2\/pages\/9630"}],"wp:attachment":[{"href":"https:\/\/aulaalt.designladen.com\/index.php?rest_route=%2Fwp%2Fv2%2Fmedia&parent=9885"}],"wp:term":[{"taxonomy":"wf_page_folders","embeddable":true,"href":"https:\/\/aulaalt.designladen.com\/index.php?rest_route=%2Fwp%2Fv2%2Fwf_page_folders&post=9885"}],"curies":[{"name":"wp","href":"https:\/\/api.w.org\/{rel}","templated":true}]}}